{"id":28,"date":"2025-05-07T13:48:49","date_gmt":"2025-05-07T19:48:49","guid":{"rendered":"https:\/\/carlosmendozaalvarez.blog\/?page_id=28"},"modified":"2025-05-29T14:38:31","modified_gmt":"2025-05-29T20:38:31","slug":"publicaciones","status":"publish","type":"page","link":"https:\/\/carlosmendozaalvarez.blog\/en\/publicaciones\/","title":{"rendered":"Books"},"content":{"rendered":"<div class=\"wp-block-group is-horizontal is-nowrap is-layout-flex wp-container-core-group-is-layout-0d42d81a wp-block-group-is-layout-flex\" style=\"margin-top:0;margin-bottom:0;padding-top:0;padding-bottom:0\">\n<div class=\"wp-block-media-text is-stacked-on-mobile\" style=\"grid-template-columns:34% auto\" id=\"https:\/\/www.aliosventos.com\/index.php\/aliosventos\/catalog\/book\/80\"><figure class=\"wp-block-media-text__media\"><a href=\"https:\/\/www.aliosventos.com\/index.php\/aliosventos\/catalog\/book\/80\" target=\"_blank\" rel=\" noreferrer noopener\"><img data-recalc-dims=\"1\" fetchpriority=\"high\" decoding=\"async\" width=\"667\" height=\"1000\" data-attachment-id=\"30\" data-permalink=\"https:\/\/carlosmendozaalvarez.blog\/en\/publicaciones\/the-resurrection-as-a-messianic-anticipation\/\" data-orig-file=\"https:\/\/i0.wp.com\/carlosmendozaalvarez.blog\/wp-content\/uploads\/2025\/05\/the-resurrection-as-a-messianic-anticipation.jpg?fit=667%2C1000&amp;ssl=1\" data-orig-size=\"667,1000\" data-comments-opened=\"1\" data-image-meta=\"{&quot;aperture&quot;:&quot;0&quot;,&quot;credit&quot;:&quot;&quot;,&quot;camera&quot;:&quot;&quot;,&quot;caption&quot;:&quot;&quot;,&quot;created_timestamp&quot;:&quot;0&quot;,&quot;copyright&quot;:&quot;&quot;,&quot;focal_length&quot;:&quot;0&quot;,&quot;iso&quot;:&quot;0&quot;,&quot;shutter_speed&quot;:&quot;0&quot;,&quot;title&quot;:&quot;&quot;,&quot;orientation&quot;:&quot;0&quot;}\" data-image-title=\"The Resurrection as a Messianic Anticipation\" data-image-description=\"\" data-image-caption=\"\" data-large-file=\"https:\/\/i0.wp.com\/carlosmendozaalvarez.blog\/wp-content\/uploads\/2025\/05\/the-resurrection-as-a-messianic-anticipation.jpg?fit=667%2C1000&amp;ssl=1\" src=\"https:\/\/i0.wp.com\/carlosmendozaalvarez.blog\/wp-content\/uploads\/2025\/05\/the-resurrection-as-a-messianic-anticipation.jpg?resize=667%2C1000&#038;ssl=1\" alt=\"Portada del libro: The Resurrection as a Messianic Anticipation\" class=\"wp-image-30 size-full\"\/><\/a><\/figure><div class=\"wp-block-media-text__content\">\n<h3 class=\"wp-block-heading\" style=\"font-size:clamp(17.905px, 1.119rem + ((1vw - 3.2px) * 0.99), 28px);\"><strong><em>The Resurrection as a Messianic Anticipation<\/em><\/strong> (2022)<\/h3>\n\n\n\n<hr class=\"wp-block-separator has-alpha-channel-opacity\"\/>\n\n\n\n<p class=\"has-text-align-left is-style-text-subtitle is-style-text-subtitle--1 wp-block-paragraph\" style=\"font-size:clamp(14px, 0.875rem + ((1vw - 3.2px) * 0.588), 20px);\">This investigation offers a creative reading of the Christian faith in the full life of the \u201cCrucified One Awoke\u201d dialoging with the reason that arises from the social, cultural, and spiritual resistances that dismantle the violence produced by patriarchy, colonialism, and capitalism colluded with sacrificial religion.<\/p>\n<\/div><\/div>\n\n\n\n<hr class=\"wp-block-separator has-alpha-channel-opacity\" style=\"margin-top:0;margin-bottom:0\"\/>\n\n\n\n<hr class=\"wp-block-separator has-alpha-channel-opacity\"\/>\n\n\n\n<div class=\"wp-block-media-text is-stacked-on-mobile\" style=\"padding-top:0;padding-right:0;padding-bottom:0;padding-left:0;grid-template-columns:35% auto\" id=\"https:\/\/www.aliosventos.com\/index.php\/aliosventos\/catalog\/book\/80\"><figure class=\"wp-block-media-text__media\"><a href=\"https:\/\/enlinea.uia.mx\/libreriavirtual\/detalle.cfm?clave=CRE0141&amp;tipoPublicacion=LIBRO\" target=\"_blank\" rel=\" noreferrer noopener\"><img data-recalc-dims=\"1\" decoding=\"async\" width=\"659\" height=\"1000\" data-attachment-id=\"41\" data-permalink=\"https:\/\/carlosmendozaalvarez.blog\/en\/publicaciones\/forros-la-resurreccion-como-anticipacion-mesianica\/\" data-orig-file=\"https:\/\/i0.wp.com\/carlosmendozaalvarez.blog\/wp-content\/uploads\/2025\/05\/la-resurreccion-como-anticipacion-mesianica-duelo-memoria-y-esperanza-desde-los-sobrevivientes.jpg?fit=659%2C1000&amp;ssl=1\" data-orig-size=\"659,1000\" data-comments-opened=\"1\" data-image-meta=\"{&quot;aperture&quot;:&quot;0&quot;,&quot;credit&quot;:&quot;&quot;,&quot;camera&quot;:&quot;&quot;,&quot;caption&quot;:&quot;&quot;,&quot;created_timestamp&quot;:&quot;0&quot;,&quot;copyright&quot;:&quot;&quot;,&quot;focal_length&quot;:&quot;0&quot;,&quot;iso&quot;:&quot;0&quot;,&quot;shutter_speed&quot;:&quot;0&quot;,&quot;title&quot;:&quot;FORROS-La resurreccio\\u0301n como anticipacio\\u0301n mesia\\u0301nica&quot;,&quot;orientation&quot;:&quot;1&quot;}\" data-image-title=\"FORROS-La resurreccio\u0301n como anticipacio\u0301n mesia\u0301nica\" data-image-description=\"\" data-image-caption=\"\" data-large-file=\"https:\/\/i0.wp.com\/carlosmendozaalvarez.blog\/wp-content\/uploads\/2025\/05\/la-resurreccion-como-anticipacion-mesianica-duelo-memoria-y-esperanza-desde-los-sobrevivientes.jpg?fit=659%2C1000&amp;ssl=1\" src=\"https:\/\/i0.wp.com\/carlosmendozaalvarez.blog\/wp-content\/uploads\/2025\/05\/la-resurreccion-como-anticipacion-mesianica-duelo-memoria-y-esperanza-desde-los-sobrevivientes.jpg?resize=659%2C1000&#038;ssl=1\" alt=\"\" class=\"wp-image-41 size-full\"\/><\/a><\/figure><div class=\"wp-block-media-text__content\">\n<h3 class=\"wp-block-heading\" style=\"font-size:clamp(17.905px, 1.119rem + ((1vw - 3.2px) * 0.99), 28px);\"><strong><em>The resurrection as a messianic anticipation <\/em><\/strong> (2020)<\/h3>\n\n\n\n<hr class=\"wp-block-separator has-alpha-channel-opacity\"\/>\n\n\n\n<p class=\"has-text-align-left is-style-text-subtitle is-style-text-subtitle--2 wp-block-paragraph\" style=\"font-size:clamp(14px, 0.875rem + ((1vw - 3.2px) * 0.588), 20px);\">A reinterpretation of the Christian faith in the full life of the \u201cCrucified One who awoke,\u201d engaging with the reason that emerges from the social, cultural, and spiritual resistance that dismantles the violence produced by patriarchy, colonialism, and capitalism in collusion with sacrificial religion. <\/p>\n<\/div><\/div>\n<\/div>\n\n\n\n<div class=\"wp-block-columns is-layout-flex wp-container-core-columns-is-layout-da166788 wp-block-columns-is-layout-flex\">\n<div class=\"wp-block-column has-global-padding is-content-justification-right is-layout-constrained wp-container-core-column-is-layout-49613cd2 wp-block-column-is-layout-constrained\">\n<div class=\"wp-block-group has-global-padding is-layout-constrained wp-block-group-is-layout-constrained\">\n<div class=\"wp-block-group has-global-padding is-layout-constrained wp-block-group-is-layout-constrained\">\n<div class=\"wp-block-media-text is-stacked-on-mobile\" style=\"grid-template-columns:33% auto\"><figure class=\"wp-block-media-text__media\"><a href=\"https:\/\/herdereditorial.com\/catalogo\/religion\/deus-ineffabilis-9788425436819\" target=\"_blank\" rel=\" noreferrer noopener\"><img data-recalc-dims=\"1\" decoding=\"async\" width=\"1600\" height=\"2458\" data-attachment-id=\"42\" data-permalink=\"https:\/\/carlosmendozaalvarez.blog\/en\/publicaciones\/deus-ineffabilis\/\" data-orig-file=\"https:\/\/i0.wp.com\/carlosmendozaalvarez.blog\/wp-content\/uploads\/2025\/05\/deus-ineffabilis.jpg?fit=1600%2C2458&amp;ssl=1\" data-orig-size=\"1600,2458\" data-comments-opened=\"1\" data-image-meta=\"{&quot;aperture&quot;:&quot;0&quot;,&quot;credit&quot;:&quot;&quot;,&quot;camera&quot;:&quot;&quot;,&quot;caption&quot;:&quot;&quot;,&quot;created_timestamp&quot;:&quot;0&quot;,&quot;copyright&quot;:&quot;&quot;,&quot;focal_length&quot;:&quot;0&quot;,&quot;iso&quot;:&quot;0&quot;,&quot;shutter_speed&quot;:&quot;0&quot;,&quot;title&quot;:&quot;&quot;,&quot;orientation&quot;:&quot;0&quot;}\" data-image-title=\"Deus ineffabilis\" data-image-description=\"\" data-image-caption=\"\" data-large-file=\"https:\/\/i0.wp.com\/carlosmendozaalvarez.blog\/wp-content\/uploads\/2025\/05\/deus-ineffabilis.jpg?fit=667%2C1024&amp;ssl=1\" src=\"https:\/\/i0.wp.com\/carlosmendozaalvarez.blog\/wp-content\/uploads\/2025\/05\/deus-ineffabilis.jpg?resize=1600%2C2458&#038;ssl=1\" alt=\"\" class=\"wp-image-42 size-full\"\/><\/a><\/figure><div class=\"wp-block-media-text__content\">\n<h3 class=\"wp-block-heading\" style=\"font-size:clamp(17.905px, 1.119rem + ((1vw - 3.2px) * 0.99), 28px);\"><strong><em>God ineffabilis <\/em><\/strong> (2015)<\/h3>\n\n\n\n<hr class=\"wp-block-separator has-alpha-channel-opacity\"\/>\n\n\n\n<p class=\"has-text-align-left wp-block-paragraph\" style=\"font-size:clamp(14px, 0.875rem + ((1vw - 3.2px) * 0.588), 20px);\">In times when systemic violence plagues the global village, the question of the possibility of hope becomes even more radical. This is the central theme of Deus ineffabilis, whose theological foundation finds interlocutions with anthropology and the philosophy of history in Western thinkers, from Hegel and Benjamin to Heidegger, Girard, and Agamben. However, this issue takes on surprising nuances when analyzed from the South, with anti-systemic political thought and the decolonialism that emerge from the power of the earth&#039;s poor.<\/p>\n<\/div><\/div>\n<\/div>\n<\/div>\n<\/div>\n\n\n\n<div class=\"wp-block-column is-vertically-aligned-center is-layout-flow wp-block-column-is-layout-flow\">\n<div class=\"wp-block-group is-nowrap is-layout-flex wp-container-core-group-is-layout-99934cf2 wp-block-group-is-layout-flex\" style=\"padding-top:0;padding-bottom:0\">\n<div style=\"height:100px;width:0px\" aria-hidden=\"true\" class=\"wp-block-spacer wp-container-content-6388d5dc\"><\/div>\n\n\n\n<div class=\"wp-block-media-text is-stacked-on-mobile\" style=\"grid-template-columns:34% auto\"><figure class=\"wp-block-media-text__media\"><a href=\"https:\/\/www.amazon.com\/-\/es\/DEUS-ABSCONDITUS-Carlos-MENDOZA-ALVAREZ-CARLOS\/dp\/2204076635\" target=\"_blank\" rel=\" noreferrer noopener\"><img data-recalc-dims=\"1\" loading=\"lazy\" decoding=\"async\" width=\"536\" height=\"854\" data-attachment-id=\"509\" data-permalink=\"https:\/\/carlosmendozaalvarez.blog\/en\/publicaciones\/deus-absconditus\/\" data-orig-file=\"https:\/\/i0.wp.com\/carlosmendozaalvarez.blog\/wp-content\/uploads\/2025\/05\/DEUS-ABSCONDITUS.png?fit=536%2C854&amp;ssl=1\" data-orig-size=\"536,854\" data-comments-opened=\"1\" data-image-meta=\"{&quot;aperture&quot;:&quot;0&quot;,&quot;credit&quot;:&quot;&quot;,&quot;camera&quot;:&quot;&quot;,&quot;caption&quot;:&quot;&quot;,&quot;created_timestamp&quot;:&quot;0&quot;,&quot;copyright&quot;:&quot;&quot;,&quot;focal_length&quot;:&quot;0&quot;,&quot;iso&quot;:&quot;0&quot;,&quot;shutter_speed&quot;:&quot;0&quot;,&quot;title&quot;:&quot;&quot;,&quot;orientation&quot;:&quot;0&quot;}\" data-image-title=\"DEUS ABSCONDITUS\" data-image-description=\"\" data-image-caption=\"\" data-large-file=\"https:\/\/i0.wp.com\/carlosmendozaalvarez.blog\/wp-content\/uploads\/2025\/05\/DEUS-ABSCONDITUS.png?fit=536%2C854&amp;ssl=1\" src=\"https:\/\/i0.wp.com\/carlosmendozaalvarez.blog\/wp-content\/uploads\/2025\/05\/DEUS-ABSCONDITUS.png?resize=536%2C854&#038;ssl=1\" alt=\"\" class=\"wp-image-509 size-full\" srcset=\"https:\/\/i0.wp.com\/carlosmendozaalvarez.blog\/wp-content\/uploads\/2025\/05\/DEUS-ABSCONDITUS.png?w=536&amp;ssl=1 536w, https:\/\/i0.wp.com\/carlosmendozaalvarez.blog\/wp-content\/uploads\/2025\/05\/DEUS-ABSCONDITUS.png?resize=188%2C300&amp;ssl=1 188w, https:\/\/i0.wp.com\/carlosmendozaalvarez.blog\/wp-content\/uploads\/2025\/05\/DEUS-ABSCONDITUS.png?resize=8%2C12&amp;ssl=1 8w\" sizes=\"(max-width: 536px) 100vw, 536px\" \/><\/a><\/figure><div class=\"wp-block-media-text__content\">\n<h3 class=\"wp-block-heading\" style=\"font-size:clamp(17.905px, 1.119rem + ((1vw - 3.2px) * 0.99), 28px);\"><strong>God Absconditis<\/strong> (2011)<\/h3>\n\n\n\n<hr class=\"wp-block-separator has-alpha-channel-opacity\"\/>\n\n\n\n<p class=\"wp-block-paragraph\" style=\"font-size:clamp(14px, 0.875rem + ((1vw - 3.2px) * 0.588), 20px);\">At the heart of the crisis of the Cartesian subject, emerges the possibility of expressing God differently. These pages invite us on a quest to discover the human condition under the sign of giving and gratuity as a possible experience of the mystery of that boundless, unconditional Love which reveals itself as a source of life and compassion.<br><\/p>\n<\/div><\/div>\n<\/div>\n<\/div>\n<\/div>\n\n\n\n<div class=\"wp-block-columns is-layout-flex wp-container-core-columns-is-layout-ae417423 wp-block-columns-is-layout-flex\" style=\"margin-top:var(--wp--preset--spacing--50);margin-bottom:var(--wp--preset--spacing--50);padding-right:0;padding-left:0\">\n<div class=\"wp-block-column is-layout-flow wp-block-column-is-layout-flow\">\n<div class=\"wp-block-group has-global-padding is-layout-constrained wp-block-group-is-layout-constrained\">\n<div class=\"wp-block-group is-nowrap is-layout-flex wp-container-core-group-is-layout-3a88641f wp-block-group-is-layout-flex\">\n<div class=\"wp-block-media-text is-stacked-on-mobile\" style=\"grid-template-columns:35% auto\"><figure class=\"wp-block-media-text__media\"><a href=\"https:\/\/www.academia.edu\/42356326\/El_Dios_escondido_de_la_posmodernidad\" target=\"_blank\" rel=\" noreferrer noopener\"><img data-recalc-dims=\"1\" loading=\"lazy\" decoding=\"async\" width=\"770\" height=\"1024\" data-attachment-id=\"516\" data-permalink=\"https:\/\/carlosmendozaalvarez.blog\/en\/publicaciones\/captura-de-pantalla-2025-05-19-a-las-11-09-23\/\" data-orig-file=\"https:\/\/i0.wp.com\/carlosmendozaalvarez.blog\/wp-content\/uploads\/2025\/05\/Captura-de-pantalla-2025-05-19-a-las-11.09.23.png?fit=790%2C1050&amp;ssl=1\" data-orig-size=\"790,1050\" data-comments-opened=\"1\" data-image-meta=\"{&quot;aperture&quot;:&quot;0&quot;,&quot;credit&quot;:&quot;&quot;,&quot;camera&quot;:&quot;&quot;,&quot;caption&quot;:&quot;&quot;,&quot;created_timestamp&quot;:&quot;0&quot;,&quot;copyright&quot;:&quot;&quot;,&quot;focal_length&quot;:&quot;0&quot;,&quot;iso&quot;:&quot;0&quot;,&quot;shutter_speed&quot;:&quot;0&quot;,&quot;title&quot;:&quot;&quot;,&quot;orientation&quot;:&quot;0&quot;}\" data-image-title=\"Captura de pantalla 2025-05-19 a la(s) 11.09.23\" data-image-description=\"\" data-image-caption=\"\" data-large-file=\"https:\/\/i0.wp.com\/carlosmendozaalvarez.blog\/wp-content\/uploads\/2025\/05\/Captura-de-pantalla-2025-05-19-a-las-11.09.23.png?fit=770%2C1024&amp;ssl=1\" src=\"https:\/\/i0.wp.com\/carlosmendozaalvarez.blog\/wp-content\/uploads\/2025\/05\/Captura-de-pantalla-2025-05-19-a-las-11.09.23.png?resize=770%2C1024&#038;ssl=1\" alt=\"\" class=\"wp-image-516 size-full\" srcset=\"https:\/\/i0.wp.com\/carlosmendozaalvarez.blog\/wp-content\/uploads\/2025\/05\/Captura-de-pantalla-2025-05-19-a-las-11.09.23.png?resize=770%2C1024&amp;ssl=1 770w, https:\/\/i0.wp.com\/carlosmendozaalvarez.blog\/wp-content\/uploads\/2025\/05\/Captura-de-pantalla-2025-05-19-a-las-11.09.23.png?resize=226%2C300&amp;ssl=1 226w, https:\/\/i0.wp.com\/carlosmendozaalvarez.blog\/wp-content\/uploads\/2025\/05\/Captura-de-pantalla-2025-05-19-a-las-11.09.23.png?resize=768%2C1021&amp;ssl=1 768w, https:\/\/i0.wp.com\/carlosmendozaalvarez.blog\/wp-content\/uploads\/2025\/05\/Captura-de-pantalla-2025-05-19-a-las-11.09.23.png?resize=9%2C12&amp;ssl=1 9w, https:\/\/i0.wp.com\/carlosmendozaalvarez.blog\/wp-content\/uploads\/2025\/05\/Captura-de-pantalla-2025-05-19-a-las-11.09.23.png?resize=300%2C400&amp;ssl=1 300w, https:\/\/i0.wp.com\/carlosmendozaalvarez.blog\/wp-content\/uploads\/2025\/05\/Captura-de-pantalla-2025-05-19-a-las-11.09.23.png?resize=150%2C200&amp;ssl=1 150w, https:\/\/i0.wp.com\/carlosmendozaalvarez.blog\/wp-content\/uploads\/2025\/05\/Captura-de-pantalla-2025-05-19-a-las-11.09.23.png?w=790&amp;ssl=1 790w\" sizes=\"(max-width: 770px) 100vw, 770px\" \/><\/a><\/figure><div class=\"wp-block-media-text__content\">\n<h3 class=\"wp-block-heading\" style=\"font-size:clamp(17.905px, 1.119rem + ((1vw - 3.2px) * 0.99), 28px);\"><em><strong><br>The Hidden God of Postmodernity<\/strong><\/em> (2010)<\/h3>\n\n\n\n<hr class=\"wp-block-separator has-alpha-channel-opacity\" id=\"block-a528e829-4deb-4497-a8ab-b267cc193024\"\/>\n\n\n\n<p class=\"wp-block-paragraph\" style=\"font-size:clamp(14px, 0.875rem + ((1vw - 3.2px) * 0.588), 20px);\">The return of the religious, the search for the foundation, the cry of nihilism, God in a mimetic-pragmatic key, and the weak subject in the mystical experience are the themes Carlos Mendoza \u00c1lvarez explores in this book.<\/p>\n<\/div><\/div>\n<\/div>\n<\/div>\n<\/div>\n\n\n\n<div class=\"wp-block-column is-layout-flow wp-block-column-is-layout-flow\">\n<div class=\"wp-block-group is-nowrap is-layout-flex wp-container-core-group-is-layout-3a88641f wp-block-group-is-layout-flex\">\n<div class=\"wp-block-media-text is-stacked-on-mobile is-vertically-aligned-center\" style=\"border-style:none;border-width:0px;border-radius:0px;margin-top:0;margin-right:0;margin-bottom:0;margin-left:0;padding-top:0;padding-right:0;padding-bottom:0;padding-left:0;grid-template-columns:35% auto\"><figure class=\"wp-block-media-text__media\"><a href=\"https:\/\/www.abebooks.com\/9786074170597\/Pan-hambre-trascendencia-di%C3%A1logo-interdisciplinario-6074170592\/plp\" target=\"_blank\" rel=\" noreferrer noopener\"><img data-recalc-dims=\"1\" loading=\"lazy\" decoding=\"async\" width=\"1152\" height=\"1784\" data-attachment-id=\"44\" data-permalink=\"https:\/\/carlosmendozaalvarez.blog\/en\/publicaciones\/pan-hambre-y-trascendencia-dialogo-interdisciplinario-sobre-la-construccion-simbolica-del-comer\/\" data-orig-file=\"https:\/\/i0.wp.com\/carlosmendozaalvarez.blog\/wp-content\/uploads\/2025\/05\/pan-hambre-y-trascendencia-dialogo-interdisciplinario-sobre-la-construccion-simbolica-del-comer.png?fit=1152%2C1784&amp;ssl=1\" data-orig-size=\"1152,1784\" data-comments-opened=\"1\" data-image-meta=\"{&quot;aperture&quot;:&quot;0&quot;,&quot;credit&quot;:&quot;&quot;,&quot;camera&quot;:&quot;&quot;,&quot;caption&quot;:&quot;&quot;,&quot;created_timestamp&quot;:&quot;0&quot;,&quot;copyright&quot;:&quot;&quot;,&quot;focal_length&quot;:&quot;0&quot;,&quot;iso&quot;:&quot;0&quot;,&quot;shutter_speed&quot;:&quot;0&quot;,&quot;title&quot;:&quot;&quot;,&quot;orientation&quot;:&quot;0&quot;}\" data-image-title=\"Pan, hambre y trascendencia dia\u0301logo interdisciplinario sobre la construccio\u0301n simbo\u0301lica del comer\" data-image-description=\"\" data-image-caption=\"\" data-large-file=\"https:\/\/i0.wp.com\/carlosmendozaalvarez.blog\/wp-content\/uploads\/2025\/05\/pan-hambre-y-trascendencia-dialogo-interdisciplinario-sobre-la-construccion-simbolica-del-comer.png?fit=661%2C1024&amp;ssl=1\" src=\"https:\/\/i0.wp.com\/carlosmendozaalvarez.blog\/wp-content\/uploads\/2025\/05\/pan-hambre-y-trascendencia-dialogo-interdisciplinario-sobre-la-construccion-simbolica-del-comer.png?resize=1152%2C1784&#038;ssl=1\" alt=\"\" class=\"wp-image-44 size-full\"\/><\/a><\/figure><div class=\"wp-block-media-text__content\">\n<h3 class=\"wp-block-heading\" style=\"font-size:clamp(17.905px, 1.119rem + ((1vw - 3.2px) * 0.99), 28px);\"><strong><em>Bread, hunger and transcendence<\/em><\/strong> (2009)<\/h3>\n\n\n\n<hr class=\"wp-block-separator has-alpha-channel-opacity\"\/>\n\n\n\n<p class=\"has-text-align-left wp-block-paragraph\" style=\"font-size:clamp(14px, 0.875rem + ((1vw - 3.2px) * 0.588), 20px);\">Collective dialogue on food as a complex system of meaning that symbolizes the mystery of being human in relation to creation, to other human beings within diverse contexts and particular situations, and, from a faith perspective, a relationship with divinity that is not indifferent to human appetite. We are what we eat.<\/p>\n<\/div><\/div>\n<\/div>\n<\/div>\n<\/div>\n\n\n\n<div class=\"wp-block-columns is-layout-flex wp-container-core-columns-is-layout-3a88641f wp-block-columns-is-layout-flex\">\n<div class=\"wp-block-column is-layout-flow wp-block-column-is-layout-flow\">\n<div class=\"wp-block-media-text is-stacked-on-mobile\" style=\"grid-template-columns:35% auto\"><figure class=\"wp-block-media-text__media\"><a href=\"https:\/\/enlinea.uia.mx\/libreriavirtual\/detalle.cfm?clave=CIU0137&amp;tipoPublicacion=LIBRO\" target=\"_blank\" rel=\" noreferrer noopener\"><img data-recalc-dims=\"1\" loading=\"lazy\" decoding=\"async\" width=\"1374\" height=\"2176\" data-attachment-id=\"43\" data-permalink=\"https:\/\/carlosmendozaalvarez.blog\/en\/publicaciones\/la-universidad-de-inspiracion-cristiana-en-tiempos-de-poscristiandad\/\" data-orig-file=\"https:\/\/i0.wp.com\/carlosmendozaalvarez.blog\/wp-content\/uploads\/2025\/05\/la-universidad-de-inspiracion-cristiana-en-tiempos-de-poscristiandad.png?fit=1374%2C2176&amp;ssl=1\" data-orig-size=\"1374,2176\" data-comments-opened=\"1\" data-image-meta=\"{&quot;aperture&quot;:&quot;0&quot;,&quot;credit&quot;:&quot;&quot;,&quot;camera&quot;:&quot;&quot;,&quot;caption&quot;:&quot;&quot;,&quot;created_timestamp&quot;:&quot;0&quot;,&quot;copyright&quot;:&quot;&quot;,&quot;focal_length&quot;:&quot;0&quot;,&quot;iso&quot;:&quot;0&quot;,&quot;shutter_speed&quot;:&quot;0&quot;,&quot;title&quot;:&quot;&quot;,&quot;orientation&quot;:&quot;0&quot;}\" data-image-title=\"LA UNIVERSIDAD DE INSPIRACIO\u0301N CRISTIANA EN TIEMPOS DE POSCRISTIANDAD\" data-image-description=\"\" data-image-caption=\"\" data-large-file=\"https:\/\/i0.wp.com\/carlosmendozaalvarez.blog\/wp-content\/uploads\/2025\/05\/la-universidad-de-inspiracion-cristiana-en-tiempos-de-poscristiandad.png?fit=647%2C1024&amp;ssl=1\" src=\"https:\/\/i0.wp.com\/carlosmendozaalvarez.blog\/wp-content\/uploads\/2025\/05\/la-universidad-de-inspiracion-cristiana-en-tiempos-de-poscristiandad.png?resize=1374%2C2176&#038;ssl=1\" alt=\"\" class=\"wp-image-43 size-full\"\/><\/a><\/figure><div class=\"wp-block-media-text__content\">\n<h3 class=\"wp-block-heading\" style=\"font-size:clamp(17.905px, 1.119rem + ((1vw - 3.2px) * 0.99), 28px);\"><strong><em>The Christian-inspired university in post-Christian times<\/em><\/strong> (2007)<\/h3>\n\n\n\n<hr class=\"wp-block-separator has-alpha-channel-opacity\"\/>\n\n\n\n<p class=\"has-text-align-left wp-block-paragraph\" style=\"font-size:clamp(14px, 0.875rem + ((1vw - 3.2px) * 0.588), 20px);\">The identity and function of the Christian-inspired university in post-industrial societies is analyzed, where the exhaustion of certain forms of religion and ideology as belief systems is becoming increasingly evident.<\/p>\n<\/div><\/div>\n<\/div>\n\n\n\n<div class=\"wp-block-column is-layout-flow wp-block-column-is-layout-flow\">\n<div class=\"wp-block-group is-nowrap is-layout-flex wp-container-core-group-is-layout-3a88641f wp-block-group-is-layout-flex\">\n<hr class=\"wp-block-separator has-alpha-channel-opacity\"\/>\n<\/div>\n\n\n\n<div class=\"wp-block-media-text is-stacked-on-mobile\" style=\"margin-right:5px;margin-left:5px;padding-top:0;padding-right:0;padding-bottom:0;padding-left:0;grid-template-columns:35% auto\"><figure class=\"wp-block-media-text__media\"><a href=\"https:\/\/www.google.com.mx\/books\/edition\/Subjetividad_y_experiencia_religiosa_pos\/BF8-DwY3To4C?hl=es-419&amp;gbpv=1&amp;pg=PA1&amp;printsec=frontcover\" target=\"_blank\" rel=\" noreferrer noopener\"><img data-recalc-dims=\"1\" loading=\"lazy\" decoding=\"async\" width=\"1372\" height=\"2136\" data-attachment-id=\"245\" data-permalink=\"https:\/\/carlosmendozaalvarez.blog\/en\/publicaciones\/subjetividad-y-experiencia-religiosa-posmoderna\/\" data-orig-file=\"https:\/\/i0.wp.com\/carlosmendozaalvarez.blog\/wp-content\/uploads\/2025\/05\/subjetividad-y-experiencia-religiosa-posmoderna.png?fit=1372%2C2136&amp;ssl=1\" data-orig-size=\"1372,2136\" data-comments-opened=\"1\" data-image-meta=\"{&quot;aperture&quot;:&quot;0&quot;,&quot;credit&quot;:&quot;&quot;,&quot;camera&quot;:&quot;&quot;,&quot;caption&quot;:&quot;&quot;,&quot;created_timestamp&quot;:&quot;0&quot;,&quot;copyright&quot;:&quot;&quot;,&quot;focal_length&quot;:&quot;0&quot;,&quot;iso&quot;:&quot;0&quot;,&quot;shutter_speed&quot;:&quot;0&quot;,&quot;title&quot;:&quot;&quot;,&quot;orientation&quot;:&quot;0&quot;}\" data-image-title=\"Subjetividad Y Experiencia Religiosa Posmoderna\" data-image-description=\"\" data-image-caption=\"\" data-large-file=\"https:\/\/i0.wp.com\/carlosmendozaalvarez.blog\/wp-content\/uploads\/2025\/05\/subjetividad-y-experiencia-religiosa-posmoderna.png?fit=658%2C1024&amp;ssl=1\" src=\"https:\/\/i0.wp.com\/carlosmendozaalvarez.blog\/wp-content\/uploads\/2025\/05\/subjetividad-y-experiencia-religiosa-posmoderna.png?resize=1372%2C2136&#038;ssl=1\" alt=\"\" class=\"wp-image-245 size-full\"\/><\/a><\/figure><div class=\"wp-block-media-text__content\">\n<h3 class=\"wp-block-heading\" style=\"font-size:clamp(17.905px, 1.119rem + ((1vw - 3.2px) * 0.99), 28px);\"><strong><em>Subjectivity and Postmodern Religious Experience <\/em><\/strong>(2007)<\/h3>\n\n\n\n<hr class=\"wp-block-separator has-alpha-channel-opacity\"\/>\n\n\n\n<p class=\"has-text-align-left wp-block-paragraph\" style=\"font-size:clamp(14px, 0.875rem + ((1vw - 3.2px) * 0.588), 20px);\">Explores the complex issues of postmodern religious experience in the context of the university. Common themes include vulnerability as a defining characteristic of the postmodern consciousness of the subject, as well as gratitude as a profoundly human response to the emergence of the Other.<\/p>\n<\/div><\/div>\n<\/div>\n<\/div>\n\n\n\n<div class=\"wp-block-columns is-layout-flex wp-container-core-columns-is-layout-3a88641f wp-block-columns-is-layout-flex\">\n<div class=\"wp-block-column is-layout-flow wp-block-column-is-layout-flow\">\n<div class=\"wp-block-group is-nowrap is-layout-flex wp-container-core-group-is-layout-3a88641f wp-block-group-is-layout-flex\">\n<div class=\"wp-block-media-text is-stacked-on-mobile\" style=\"grid-template-columns:36% auto\"><figure class=\"wp-block-media-text__media\"><a href=\"https:\/\/enred-arte.com\/mx\/libros-de-filosofia-psicologia-religion\/670-el-dios-otro-un-acercamiento-a-lo-sagrado-en-el-mundo-postmoderno-9789707221536.html\" target=\"_blank\" rel=\" noreferrer noopener\"><img data-recalc-dims=\"1\" loading=\"lazy\" decoding=\"async\" width=\"1036\" height=\"1564\" data-attachment-id=\"45\" data-permalink=\"https:\/\/carlosmendozaalvarez.blog\/en\/publicaciones\/el-dios-otro-un-acercamiento-a-lo-sagrado-en-el-mundo-postmoderno\/\" data-orig-file=\"https:\/\/i0.wp.com\/carlosmendozaalvarez.blog\/wp-content\/uploads\/2025\/05\/el-dios-otro-un-acercamiento-a-lo-sagrado-en-el-mundo-postmoderno.png?fit=1036%2C1564&amp;ssl=1\" data-orig-size=\"1036,1564\" data-comments-opened=\"1\" data-image-meta=\"{&quot;aperture&quot;:&quot;0&quot;,&quot;credit&quot;:&quot;&quot;,&quot;camera&quot;:&quot;&quot;,&quot;caption&quot;:&quot;&quot;,&quot;created_timestamp&quot;:&quot;0&quot;,&quot;copyright&quot;:&quot;&quot;,&quot;focal_length&quot;:&quot;0&quot;,&quot;iso&quot;:&quot;0&quot;,&quot;shutter_speed&quot;:&quot;0&quot;,&quot;title&quot;:&quot;&quot;,&quot;orientation&quot;:&quot;0&quot;}\" data-image-title=\"El Dios Otro, Un Acercamiento A Lo Sagrado En El Mundo Postmoderno\" data-image-description=\"\" data-image-caption=\"\" data-large-file=\"https:\/\/i0.wp.com\/carlosmendozaalvarez.blog\/wp-content\/uploads\/2025\/05\/el-dios-otro-un-acercamiento-a-lo-sagrado-en-el-mundo-postmoderno.png?fit=678%2C1024&amp;ssl=1\" src=\"https:\/\/i0.wp.com\/carlosmendozaalvarez.blog\/wp-content\/uploads\/2025\/05\/el-dios-otro-un-acercamiento-a-lo-sagrado-en-el-mundo-postmoderno.png?resize=1036%2C1564&#038;ssl=1\" alt=\"\" class=\"wp-image-45 size-full\"\/><\/a><\/figure><div class=\"wp-block-media-text__content\">\n<h3 class=\"wp-block-heading\" style=\"font-size:clamp(17.905px, 1.119rem + ((1vw - 3.2px) * 0.99), 28px);\"><em><strong>The Other God, An Approach to the Sacred in the Postmodern World<\/strong><\/em> (2003)<\/h3>\n\n\n\n<hr class=\"wp-block-separator has-alpha-channel-opacity\"\/>\n\n\n\n<p class=\"has-text-align-left wp-block-paragraph\" style=\"font-size:clamp(14px, 0.875rem + ((1vw - 3.2px) * 0.588), 20px);\">A secularized and interdisciplinary approach to religious experience is a great opportunity for humanistic evolution, as it purifies the excesses of sacralized and violent emotion, in the face of ancient and new idolatries that alienate the conscience and heart of so many collective identities, making possible coexistence in religious pluralism in which it makes sense today to babble the name of God.<\/p>\n<\/div><\/div>\n<\/div>\n<\/div>\n\n\n\n<div class=\"wp-block-column is-layout-flow wp-block-column-is-layout-flow\"><\/div>\n<\/div>\n\n\n\n<div style=\"height:100px\" aria-hidden=\"true\" class=\"wp-block-spacer\"><\/div>\n\n\n\n<hr class=\"wp-block-separator has-alpha-channel-opacity\"\/>\n\n\n\n<h2 class=\"wp-block-heading\" id=\"cr\u00f3nicas-viaje\">Travel Chronicles<\/h2>\n\n\n\n<div style=\"height:27px\" aria-hidden=\"true\" class=\"wp-block-spacer\"><\/div>\n\n\n\n<div class=\"wp-block-columns is-layout-flex wp-container-core-columns-is-layout-3a88641f wp-block-columns-is-layout-flex\">\n<div class=\"wp-block-column is-layout-flow wp-block-column-is-layout-flow\">\n<div class=\"wp-block-group has-global-padding is-layout-constrained wp-block-group-is-layout-constrained\">\n<div class=\"wp-block-media-text is-stacked-on-mobile\" style=\"grid-template-columns:35% auto\"><figure class=\"wp-block-media-text__media\"><a href=\"https:\/\/drive.google.com\/file\/d\/1sBPxsijF-SQ2ymBNLmnwOWDCQN56Auql\/view?usp=sharing\" target=\"_blank\" rel=\" noreferrer noopener\"><img data-recalc-dims=\"1\" loading=\"lazy\" decoding=\"async\" width=\"632\" height=\"1024\" data-attachment-id=\"500\" data-permalink=\"https:\/\/carlosmendozaalvarez.blog\/en\/publicaciones\/travesias-indianas-2019\/\" data-orig-file=\"https:\/\/i0.wp.com\/carlosmendozaalvarez.blog\/wp-content\/uploads\/2025\/05\/Travesias-Indianas-2019.png?fit=688%2C1114&amp;ssl=1\" data-orig-size=\"688,1114\" data-comments-opened=\"1\" data-image-meta=\"{&quot;aperture&quot;:&quot;0&quot;,&quot;credit&quot;:&quot;&quot;,&quot;camera&quot;:&quot;&quot;,&quot;caption&quot;:&quot;&quot;,&quot;created_timestamp&quot;:&quot;0&quot;,&quot;copyright&quot;:&quot;&quot;,&quot;focal_length&quot;:&quot;0&quot;,&quot;iso&quot;:&quot;0&quot;,&quot;shutter_speed&quot;:&quot;0&quot;,&quot;title&quot;:&quot;&quot;,&quot;orientation&quot;:&quot;0&quot;}\" data-image-title=\"Travesi\u0301as Indianas 2019\" data-image-description=\"\" data-image-caption=\"\" data-large-file=\"https:\/\/i0.wp.com\/carlosmendozaalvarez.blog\/wp-content\/uploads\/2025\/05\/Travesias-Indianas-2019.png?fit=632%2C1024&amp;ssl=1\" src=\"https:\/\/i0.wp.com\/carlosmendozaalvarez.blog\/wp-content\/uploads\/2025\/05\/Travesias-Indianas-2019.png?resize=632%2C1024&#038;ssl=1\" alt=\"\" class=\"wp-image-500 size-full\" srcset=\"https:\/\/i0.wp.com\/carlosmendozaalvarez.blog\/wp-content\/uploads\/2025\/05\/Travesias-Indianas-2019.png?resize=632%2C1024&amp;ssl=1 632w, https:\/\/i0.wp.com\/carlosmendozaalvarez.blog\/wp-content\/uploads\/2025\/05\/Travesias-Indianas-2019.png?resize=185%2C300&amp;ssl=1 185w, https:\/\/i0.wp.com\/carlosmendozaalvarez.blog\/wp-content\/uploads\/2025\/05\/Travesias-Indianas-2019.png?resize=7%2C12&amp;ssl=1 7w, https:\/\/i0.wp.com\/carlosmendozaalvarez.blog\/wp-content\/uploads\/2025\/05\/Travesias-Indianas-2019.png?w=688&amp;ssl=1 688w\" sizes=\"(max-width: 632px) 100vw, 632px\" \/><\/a><\/figure><div class=\"wp-block-media-text__content\">\n<h3 class=\"wp-block-heading\" style=\"font-size:clamp(17.905px, 1.119rem + ((1vw - 3.2px) * 0.99), 28px);\"><em><strong>Indian crossings<\/strong><\/em> (2019)<\/h3>\n\n\n\n<hr class=\"wp-block-separator has-alpha-channel-opacity\"\/>\n\n\n\n<p class=\"wp-block-paragraph\" style=\"font-size:clamp(14px, 0.875rem + ((1vw - 3.2px) * 0.588), 20px);\">From Mumbai to Kerala, passing through Goa, the author of this travel memoir peers curiously into the cracks of the ancestral memory of its inhabitants to quench his thirst for mystery. Personal stories are interwoven with philosophical reflections and theological insights that will help readers continue their own inner journey.<\/p>\n<\/div><\/div>\n\n\n\n<div class=\"wp-block-media-text is-stacked-on-mobile\" style=\"grid-template-columns:35% auto\"><figure class=\"wp-block-media-text__media\"><img data-recalc-dims=\"1\" loading=\"lazy\" decoding=\"async\" width=\"460\" height=\"724\" data-attachment-id=\"503\" data-permalink=\"https:\/\/carlosmendozaalvarez.blog\/en\/publicaciones\/captura-de-pantalla-2025-05-19-a-las-10-28-52\/\" data-orig-file=\"https:\/\/i0.wp.com\/carlosmendozaalvarez.blog\/wp-content\/uploads\/2025\/05\/Captura-de-pantalla-2025-05-19-a-las-10.28.52.png?fit=460%2C724&amp;ssl=1\" data-orig-size=\"460,724\" data-comments-opened=\"1\" data-image-meta=\"{&quot;aperture&quot;:&quot;0&quot;,&quot;credit&quot;:&quot;&quot;,&quot;camera&quot;:&quot;&quot;,&quot;caption&quot;:&quot;&quot;,&quot;created_timestamp&quot;:&quot;0&quot;,&quot;copyright&quot;:&quot;&quot;,&quot;focal_length&quot;:&quot;0&quot;,&quot;iso&quot;:&quot;0&quot;,&quot;shutter_speed&quot;:&quot;0&quot;,&quot;title&quot;:&quot;&quot;,&quot;orientation&quot;:&quot;0&quot;}\" data-image-title=\"Captura de pantalla 2025-05-19 a la(s) 10.28.52\" data-image-description=\"\" data-image-caption=\"\" data-large-file=\"https:\/\/i0.wp.com\/carlosmendozaalvarez.blog\/wp-content\/uploads\/2025\/05\/Captura-de-pantalla-2025-05-19-a-las-10.28.52.png?fit=460%2C724&amp;ssl=1\" src=\"https:\/\/i0.wp.com\/carlosmendozaalvarez.blog\/wp-content\/uploads\/2025\/05\/Captura-de-pantalla-2025-05-19-a-las-10.28.52.png?resize=460%2C724&#038;ssl=1\" alt=\"\" class=\"wp-image-503 size-full\" srcset=\"https:\/\/i0.wp.com\/carlosmendozaalvarez.blog\/wp-content\/uploads\/2025\/05\/Captura-de-pantalla-2025-05-19-a-las-10.28.52.png?w=460&amp;ssl=1 460w, https:\/\/i0.wp.com\/carlosmendozaalvarez.blog\/wp-content\/uploads\/2025\/05\/Captura-de-pantalla-2025-05-19-a-las-10.28.52.png?resize=191%2C300&amp;ssl=1 191w, https:\/\/i0.wp.com\/carlosmendozaalvarez.blog\/wp-content\/uploads\/2025\/05\/Captura-de-pantalla-2025-05-19-a-las-10.28.52.png?resize=8%2C12&amp;ssl=1 8w\" sizes=\"(max-width: 460px) 100vw, 460px\" \/><\/figure><div class=\"wp-block-media-text__content\">\n<h3 class=\"wp-block-heading\" style=\"font-size:clamp(17.905px, 1.119rem + ((1vw - 3.2px) * 0.99), 28px);\"><em><strong>Beings of the Steppe. Memoirs of a Trans-Siberian Journey<\/strong><\/em> (2003)<\/h3>\n\n\n\n<hr class=\"wp-block-separator has-alpha-channel-opacity\"\/>\n\n\n\n<p class=\"has-small-font-size wp-block-paragraph\"><\/p>\n<\/div><\/div>\n<\/div>\n<\/div>\n\n\n\n<div class=\"wp-block-column is-layout-flow wp-block-column-is-layout-flow\">\n<div class=\"wp-block-media-text is-stacked-on-mobile\" style=\"grid-template-columns:42% auto\"><figure class=\"wp-block-media-text__media\"><a href=\"  https:\/\/enlinea.uia.mx\/libreriavirtual\/detalle.cfm?clave=LET0121&amp;tipoPublicacion=LIBRO\" target=\"_blank\" rel=\" noreferrer noopener\"><img data-recalc-dims=\"1\" loading=\"lazy\" decoding=\"async\" width=\"482\" height=\"652\" data-attachment-id=\"501\" data-permalink=\"https:\/\/carlosmendozaalvarez.blog\/en\/publicaciones\/escritos-de-un-incierto-peregrino\/\" data-orig-file=\"https:\/\/i0.wp.com\/carlosmendozaalvarez.blog\/wp-content\/uploads\/2025\/05\/ESCRITOS-DE-UN-INCIERTO-PEREGRINO.jpg?fit=482%2C652&amp;ssl=1\" data-orig-size=\"482,652\" data-comments-opened=\"1\" data-image-meta=\"{&quot;aperture&quot;:&quot;0&quot;,&quot;credit&quot;:&quot;Momox Carrasco Jos\\u00e9 Carlos&quot;,&quot;camera&quot;:&quot;&quot;,&quot;caption&quot;:&quot;&quot;,&quot;created_timestamp&quot;:&quot;0&quot;,&quot;copyright&quot;:&quot;&quot;,&quot;focal_length&quot;:&quot;0&quot;,&quot;iso&quot;:&quot;0&quot;,&quot;shutter_speed&quot;:&quot;0&quot;,&quot;title&quot;:&quot;&quot;,&quot;orientation&quot;:&quot;0&quot;}\" data-image-title=\"ESCRITOS DE UN INCIERTO PEREGRINO\" data-image-description=\"\" data-image-caption=\"\" data-large-file=\"https:\/\/i0.wp.com\/carlosmendozaalvarez.blog\/wp-content\/uploads\/2025\/05\/ESCRITOS-DE-UN-INCIERTO-PEREGRINO.jpg?fit=482%2C652&amp;ssl=1\" src=\"https:\/\/i0.wp.com\/carlosmendozaalvarez.blog\/wp-content\/uploads\/2025\/05\/ESCRITOS-DE-UN-INCIERTO-PEREGRINO.jpg?resize=482%2C652&#038;ssl=1\" alt=\"\" class=\"wp-image-501 size-full\" srcset=\"https:\/\/i0.wp.com\/carlosmendozaalvarez.blog\/wp-content\/uploads\/2025\/05\/ESCRITOS-DE-UN-INCIERTO-PEREGRINO.jpg?w=482&amp;ssl=1 482w, https:\/\/i0.wp.com\/carlosmendozaalvarez.blog\/wp-content\/uploads\/2025\/05\/ESCRITOS-DE-UN-INCIERTO-PEREGRINO.jpg?resize=222%2C300&amp;ssl=1 222w, https:\/\/i0.wp.com\/carlosmendozaalvarez.blog\/wp-content\/uploads\/2025\/05\/ESCRITOS-DE-UN-INCIERTO-PEREGRINO.jpg?resize=9%2C12&amp;ssl=1 9w\" sizes=\"(max-width: 482px) 100vw, 482px\" \/><\/a><\/figure><div class=\"wp-block-media-text__content\">\n<h3 class=\"wp-block-heading\" style=\"font-size:clamp(17.905px, 1.119rem + ((1vw - 3.2px) * 0.99), 28px);\"><strong><em>Writings of an Uncertain Pilgrim<\/em><\/strong> (2016)<\/h3>\n\n\n\n<hr class=\"wp-block-separator has-alpha-channel-opacity\"\/>\n\n\n\n<p class=\"wp-block-paragraph\" style=\"font-size:clamp(14px, 0.875rem + ((1vw - 3.2px) * 0.588), 20px);\">In this book, the reader will experience a pilgrimage through the abysses of postmodern spirituality. This experience is an imperative to discover a new language in which to represent God and his experience. This is what Carlos Mendoza-\u00c1lvarez shares.<\/p>\n<\/div><\/div>\n<\/div>\n<\/div>\n\n\n\n<hr class=\"wp-block-separator has-text-color has-contrast-color has-alpha-channel-opacity has-contrast-background-color has-background is-style-wide is-style-wide--3\" style=\"margin-top:var(--wp--preset--spacing--40);margin-bottom:var(--wp--preset--spacing--40)\"\/>\n\n\n\n<h2 class=\"wp-block-heading\" id=\"jump-here\">Essays and publications by Carlos Mendoza-\u00c1lvarez<\/h2>\n\n\n\n<div class=\"wp-block-columns is-layout-flex wp-container-core-columns-is-layout-3a88641f wp-block-columns-is-layout-flex\">\n<div class=\"wp-block-column is-layout-flow wp-block-column-is-layout-flow\">\n<figure class=\"wp-block-gallery has-nested-images columns-2 wp-block-gallery-4 is-layout-flex wp-container-core-gallery-is-layout-f2d9405b wp-block-gallery-is-layout-flex\" style=\"border-style:none;border-width:0px;border-radius:0px\">\n<figure class=\"wp-block-image size-full\" style=\"margin-right:0;margin-left:0\"><a href=\"https:\/\/bc.academia.edu\/CarlosMendozaAlvarez\" target=\"_blank\" rel=\"noopener\"><img data-recalc-dims=\"1\" loading=\"lazy\" decoding=\"async\" width=\"5334\" height=\"1668\" data-attachment-id=\"483\" data-permalink=\"https:\/\/carlosmendozaalvarez.blog\/en\/publicaciones\/academia-edu_log2-2\/\" data-orig-file=\"https:\/\/i0.wp.com\/carlosmendozaalvarez.blog\/wp-content\/uploads\/2025\/05\/Academia.edu_log2.png?fit=5334%2C1668&amp;ssl=1\" data-orig-size=\"5334,1668\" data-comments-opened=\"1\" data-image-meta=\"{&quot;aperture&quot;:&quot;0&quot;,&quot;credit&quot;:&quot;&quot;,&quot;camera&quot;:&quot;&quot;,&quot;caption&quot;:&quot;&quot;,&quot;created_timestamp&quot;:&quot;0&quot;,&quot;copyright&quot;:&quot;&quot;,&quot;focal_length&quot;:&quot;0&quot;,&quot;iso&quot;:&quot;0&quot;,&quot;shutter_speed&quot;:&quot;0&quot;,&quot;title&quot;:&quot;&quot;,&quot;orientation&quot;:&quot;0&quot;}\" data-image-title=\"Academia.edu_log2\" data-image-description=\"\" data-image-caption=\"\" data-large-file=\"https:\/\/i0.wp.com\/carlosmendozaalvarez.blog\/wp-content\/uploads\/2025\/05\/Academia.edu_log2.png?fit=1024%2C320&amp;ssl=1\" data-id=\"483\" src=\"https:\/\/i0.wp.com\/carlosmendozaalvarez.blog\/wp-content\/uploads\/2025\/05\/Academia.edu_log2.png?resize=5334%2C1668&#038;ssl=1\" alt=\"Portada del libro 'The Resurrection as a Messianic Anticipation' con un dise\u00f1o gr\u00e1fico que incluye el t\u00edtulo en letras destacadas sobre un fondo.\" class=\"wp-image-483\" srcset=\"https:\/\/i0.wp.com\/carlosmendozaalvarez.blog\/wp-content\/uploads\/2025\/05\/Academia.edu_log2.png?w=5334&amp;ssl=1 5334w, https:\/\/i0.wp.com\/carlosmendozaalvarez.blog\/wp-content\/uploads\/2025\/05\/Academia.edu_log2.png?resize=300%2C94&amp;ssl=1 300w, https:\/\/i0.wp.com\/carlosmendozaalvarez.blog\/wp-content\/uploads\/2025\/05\/Academia.edu_log2.png?resize=1024%2C320&amp;ssl=1 1024w, https:\/\/i0.wp.com\/carlosmendozaalvarez.blog\/wp-content\/uploads\/2025\/05\/Academia.edu_log2.png?resize=768%2C240&amp;ssl=1 768w, https:\/\/i0.wp.com\/carlosmendozaalvarez.blog\/wp-content\/uploads\/2025\/05\/Academia.edu_log2.png?resize=1536%2C480&amp;ssl=1 1536w, https:\/\/i0.wp.com\/carlosmendozaalvarez.blog\/wp-content\/uploads\/2025\/05\/Academia.edu_log2.png?resize=2048%2C640&amp;ssl=1 2048w, https:\/\/i0.wp.com\/carlosmendozaalvarez.blog\/wp-content\/uploads\/2025\/05\/Academia.edu_log2.png?resize=18%2C6&amp;ssl=1 18w, https:\/\/i0.wp.com\/carlosmendozaalvarez.blog\/wp-content\/uploads\/2025\/05\/Academia.edu_log2.png?resize=1200%2C375&amp;ssl=1 1200w, https:\/\/i0.wp.com\/carlosmendozaalvarez.blog\/wp-content\/uploads\/2025\/05\/Academia.edu_log2.png?w=3000&amp;ssl=1 3000w\" sizes=\"(max-width: 1000px) 100vw, 1000px\" \/><\/a><\/figure>\n\n\n\n<figure class=\"wp-block-image size-full has-custom-border is-style-rounded\" style=\"margin-top:0;margin-right:0;margin-bottom:0;margin-left:0\"><a href=\"https:\/\/www.researchgate.net\/profile\/Carlos-Mendoza-Alvarez-2\" target=\"_blank\" rel=\" noreferrer noopener\"><img data-recalc-dims=\"1\" loading=\"lazy\" decoding=\"async\" width=\"5334\" height=\"1668\" data-attachment-id=\"177\" data-permalink=\"https:\/\/carlosmendozaalvarez.blog\/en\/publicaciones\/researchgate_logo-02_black-white\/\" data-orig-file=\"https:\/\/i0.wp.com\/carlosmendozaalvarez.blog\/wp-content\/uploads\/2025\/05\/researchgate_logo.02_black.white_.png?fit=5334%2C1668&amp;ssl=1\" data-orig-size=\"5334,1668\" data-comments-opened=\"1\" data-image-meta=\"{&quot;aperture&quot;:&quot;0&quot;,&quot;credit&quot;:&quot;&quot;,&quot;camera&quot;:&quot;&quot;,&quot;caption&quot;:&quot;&quot;,&quot;created_timestamp&quot;:&quot;0&quot;,&quot;copyright&quot;:&quot;&quot;,&quot;focal_length&quot;:&quot;0&quot;,&quot;iso&quot;:&quot;0&quot;,&quot;shutter_speed&quot;:&quot;0&quot;,&quot;title&quot;:&quot;&quot;,&quot;orientation&quot;:&quot;0&quot;}\" data-image-title=\"ResearchGate_Logo.02_Black.White\" data-image-description=\"\" data-image-caption=\"\" data-large-file=\"https:\/\/i0.wp.com\/carlosmendozaalvarez.blog\/wp-content\/uploads\/2025\/05\/researchgate_logo.02_black.white_.png?fit=1024%2C320&amp;ssl=1\" data-id=\"177\" src=\"https:\/\/i0.wp.com\/carlosmendozaalvarez.blog\/wp-content\/uploads\/2025\/05\/researchgate_logo.02_black.white_.png?resize=5334%2C1668&#038;ssl=1\" alt=\"\" class=\"wp-image-177\" style=\"border-style:none;border-width:0px;border-radius:0px;aspect-ratio:3.1915119363395226;object-fit:contain\"\/><\/a><\/figure>\n<\/figure>\n<\/div>\n<\/div>\n\n\n\n<div class=\"wp-block-columns is-layout-flex wp-container-core-columns-is-layout-3a88641f wp-block-columns-is-layout-flex\">\n<div class=\"wp-block-column is-layout-flow wp-block-column-is-layout-flow\">\n<div class=\"wp-block-media-text is-stacked-on-mobile\" style=\"grid-template-columns:36% auto\"><figure class=\"wp-block-media-text__media\"><a href=\"https:\/\/www.echo-eco.space\/_files\/ugd\/bbe4eb_d7fdbaf832604329b732384451981078.pdf\" target=\"_blank\" rel=\" noreferrer noopener\"><img data-recalc-dims=\"1\" loading=\"lazy\" decoding=\"async\" width=\"1024\" height=\"791\" data-attachment-id=\"517\" data-permalink=\"https:\/\/carlosmendozaalvarez.blog\/en\/publicaciones\/guia-pedagogica-para-la-lectura-de-la-obra-de-carlos\/\" data-orig-file=\"https:\/\/i0.wp.com\/carlosmendozaalvarez.blog\/wp-content\/uploads\/2025\/05\/Guia-pedagogica-para-la-lectura-de-la-obra-de-Carlos.png?fit=2114%2C1632&amp;ssl=1\" data-orig-size=\"2114,1632\" data-comments-opened=\"1\" data-image-meta=\"{&quot;aperture&quot;:&quot;0&quot;,&quot;credit&quot;:&quot;&quot;,&quot;camera&quot;:&quot;&quot;,&quot;caption&quot;:&quot;&quot;,&quot;created_timestamp&quot;:&quot;0&quot;,&quot;copyright&quot;:&quot;&quot;,&quot;focal_length&quot;:&quot;0&quot;,&quot;iso&quot;:&quot;0&quot;,&quot;shutter_speed&quot;:&quot;0&quot;,&quot;title&quot;:&quot;&quot;,&quot;orientation&quot;:&quot;0&quot;}\" data-image-title=\"Gui\u0301a pedago\u0301gica para la lectura de la obra de Carlos\" data-image-description=\"\" data-image-caption=\"\" data-large-file=\"https:\/\/i0.wp.com\/carlosmendozaalvarez.blog\/wp-content\/uploads\/2025\/05\/Guia-pedagogica-para-la-lectura-de-la-obra-de-Carlos.png?fit=1024%2C791&amp;ssl=1\" src=\"https:\/\/i0.wp.com\/carlosmendozaalvarez.blog\/wp-content\/uploads\/2025\/05\/Guia-pedagogica-para-la-lectura-de-la-obra-de-Carlos.png?resize=1024%2C791&#038;ssl=1\" alt=\"\" class=\"wp-image-517 size-full\" srcset=\"https:\/\/i0.wp.com\/carlosmendozaalvarez.blog\/wp-content\/uploads\/2025\/05\/Guia-pedagogica-para-la-lectura-de-la-obra-de-Carlos.png?resize=1024%2C791&amp;ssl=1 1024w, https:\/\/i0.wp.com\/carlosmendozaalvarez.blog\/wp-content\/uploads\/2025\/05\/Guia-pedagogica-para-la-lectura-de-la-obra-de-Carlos.png?resize=300%2C232&amp;ssl=1 300w, https:\/\/i0.wp.com\/carlosmendozaalvarez.blog\/wp-content\/uploads\/2025\/05\/Guia-pedagogica-para-la-lectura-de-la-obra-de-Carlos.png?resize=768%2C593&amp;ssl=1 768w, https:\/\/i0.wp.com\/carlosmendozaalvarez.blog\/wp-content\/uploads\/2025\/05\/Guia-pedagogica-para-la-lectura-de-la-obra-de-Carlos.png?resize=1536%2C1186&amp;ssl=1 1536w, https:\/\/i0.wp.com\/carlosmendozaalvarez.blog\/wp-content\/uploads\/2025\/05\/Guia-pedagogica-para-la-lectura-de-la-obra-de-Carlos.png?resize=2048%2C1581&amp;ssl=1 2048w, https:\/\/i0.wp.com\/carlosmendozaalvarez.blog\/wp-content\/uploads\/2025\/05\/Guia-pedagogica-para-la-lectura-de-la-obra-de-Carlos.png?resize=16%2C12&amp;ssl=1 16w, https:\/\/i0.wp.com\/carlosmendozaalvarez.blog\/wp-content\/uploads\/2025\/05\/Guia-pedagogica-para-la-lectura-de-la-obra-de-Carlos.png?resize=1200%2C926&amp;ssl=1 1200w\" sizes=\"(max-width: 1000px) 100vw, 1000px\" \/><\/a><\/figure><div class=\"wp-block-media-text__content\">\n<h3 class=\"wp-block-heading\" style=\"font-size:clamp(17.905px, 1.119rem + ((1vw - 3.2px) * 0.99), 28px);\"><em><strong>Pedagogical guide for reading the work of Carlos Mendoza-\u00c1lvarez <\/strong><\/em>(2016)<\/h3>\n\n\n\n<hr class=\"wp-block-separator has-alpha-channel-opacity\"\/>\n\n\n\n<p class=\"wp-block-paragraph\" style=\"font-size:clamp(14px, 0.875rem + ((1vw - 3.2px) * 0.588), 20px);\">Since 2016, comrades from various countries and backgrounds have walked in mutual spiritual and theological accompaniment alongside Carlos Mendoza-\u00c1lvarez in our quest to discern hope amidst global horror and violence.<\/p>\n<\/div><\/div>\n<\/div>\n\n\n\n<div class=\"wp-block-column is-layout-flow wp-block-column-is-layout-flow\"><\/div>\n<\/div>","protected":false},"excerpt":{"rendered":"<p>The Resurrection as a Messianic Anticipation (2022) This investigation offers a creative reading of the Christian faith in the full life of the &#8220;Crucified One Awoke&#8221; dialoging with the reason that arises from the social, cultural, and spiritual resistances that dismantle the violence produced by patriarchy, colonialism, and capitalism colluded with sacrificial religion. La resurrecci\u00f3n [&hellip;]<\/p>\n","protected":false},"author":265761683,"featured_media":0,"parent":0,"menu_order":0,"comment_status":"closed","ping_status":"closed","template":"","meta":{"postBodyCss":"","postBodyMargin":[],"postBodyPadding":[],"postBodyBackground":{"backgroundType":"classic","gradient":""},"_wpcom_ai_launchpad_about_page":false,"_wpcom_ai_launchpad_gallery_page":false,"_wpcom_ai_launchpad_contact_page":false,"_wpcom_ai_launchpad_events_page":false,"_wpcom_ai_launchpad_video_page":false,"_wpcom_ai_launchpad_portfolio_piece":false,"footnotes":""},"class_list":["post-28","page","type-page","status-publish","hentry"],"jetpack_likes_enabled":true,"jetpack_sharing_enabled":true,"jetpack_shortlink":"https:\/\/wp.me\/Pgx1jY-s","jetpack-related-posts":[{"id":1,"url":"https:\/\/carlosmendozaalvarez.blog\/en\/biografia\/","url_meta":{"origin":28,"position":0},"title":"Profile: He earned a doctorate in Theology\u2026","author":"mendocinomx","date":"7 de May de 2025","format":false,"excerpt":"Biography: He received his doctorate in Theology in 1996 and his Habilitation in Fundamental Theology in 2009, both academic degrees from the University of Fribourg, Switzerland. He dedicated thirty years to academic life as a professor and researcher at the Pontifical University of Mexico (1995-2000), at the Ibero-American University of Mexico City\u2026","rel":"","context":"Similar post","block_context":{"text":"Similar post","link":""},"img":{"alt_text":"","src":"https:\/\/i0.wp.com\/carlosmendozaalvarez.blog\/wp-content\/uploads\/2025\/05\/CMA-Sofa-sentado-piernas-cruzadas-y-sonriente-20-V-25.jpeg?resize=350%2C200&ssl=1","width":350,"height":200,"srcset":"https:\/\/i0.wp.com\/carlosmendozaalvarez.blog\/wp-content\/uploads\/2025\/05\/CMA-Sofa-sentado-piernas-cruzadas-y-sonriente-20-V-25.jpeg?resize=350%2C200&ssl=1 1x, https:\/\/i0.wp.com\/carlosmendozaalvarez.blog\/wp-content\/uploads\/2025\/05\/CMA-Sofa-sentado-piernas-cruzadas-y-sonriente-20-V-25.jpeg?resize=525%2C300&ssl=1 1.5x, https:\/\/i0.wp.com\/carlosmendozaalvarez.blog\/wp-content\/uploads\/2025\/05\/CMA-Sofa-sentado-piernas-cruzadas-y-sonriente-20-V-25.jpeg?resize=700%2C400&ssl=1 2x, https:\/\/i0.wp.com\/carlosmendozaalvarez.blog\/wp-content\/uploads\/2025\/05\/CMA-Sofa-sentado-piernas-cruzadas-y-sonriente-20-V-25.jpeg?resize=1050%2C600&ssl=1 3x, https:\/\/i0.wp.com\/carlosmendozaalvarez.blog\/wp-content\/uploads\/2025\/05\/CMA-Sofa-sentado-piernas-cruzadas-y-sonriente-20-V-25.jpeg?resize=1400%2C800&ssl=1 4x"},"classes":[]},{"id":235,"url":"https:\/\/carlosmendozaalvarez.blog\/en\/medios-2\/","url_meta":{"origin":28,"position":1},"title":"Media","author":"Eduardo Velasco","date":"13 de May de 2025","format":false,"excerpt":"ITESO Connection - October 6, 2025 | Carlos Mendoza-\u00c1lvarez and Teresa Forcades. Listen on Spotify: Mysticism and Civilizational Crisis \u2013 Carlos Mendoza-\u00c1lvarez. Saving the Abyss, no. 22, CONSPIRATIO. https:\/\/www.conspiratio.mx\/numero-22\/mistica-y-crisis-civilizatoria \u201cTheology is an invaluable knowledge for discerning between religious ideologies and spiritual knowledge\u201d: Carlos Mendoza\u2026","rel":"","context":"Similar post","block_context":{"text":"Similar post","link":""},"img":{"alt_text":"","src":"https:\/\/i0.wp.com\/carlosmendozaalvarez.blog\/wp-content\/uploads\/2025\/09\/www.conspiratio.mx_numero-22_mistica-y-crisis-civilizatoria.png?resize=350%2C200&ssl=1","width":350,"height":200,"srcset":"https:\/\/i0.wp.com\/carlosmendozaalvarez.blog\/wp-content\/uploads\/2025\/09\/www.conspiratio.mx_numero-22_mistica-y-crisis-civilizatoria.png?resize=350%2C200&ssl=1 1x, https:\/\/i0.wp.com\/carlosmendozaalvarez.blog\/wp-content\/uploads\/2025\/09\/www.conspiratio.mx_numero-22_mistica-y-crisis-civilizatoria.png?resize=525%2C300&ssl=1 1.5x, https:\/\/i0.wp.com\/carlosmendozaalvarez.blog\/wp-content\/uploads\/2025\/09\/www.conspiratio.mx_numero-22_mistica-y-crisis-civilizatoria.png?resize=700%2C400&ssl=1 2x, https:\/\/i0.wp.com\/carlosmendozaalvarez.blog\/wp-content\/uploads\/2025\/09\/www.conspiratio.mx_numero-22_mistica-y-crisis-civilizatoria.png?resize=1050%2C600&ssl=1 3x, https:\/\/i0.wp.com\/carlosmendozaalvarez.blog\/wp-content\/uploads\/2025\/09\/www.conspiratio.mx_numero-22_mistica-y-crisis-civilizatoria.png?resize=1400%2C800&ssl=1 4x"},"classes":[]}],"_links":{"self":[{"href":"https:\/\/carlosmendozaalvarez.blog\/en\/wp-json\/wp\/v2\/pages\/28","targetHints":{"allow":["GET"]}}],"collection":[{"href":"https:\/\/carlosmendozaalvarez.blog\/en\/wp-json\/wp\/v2\/pages"}],"about":[{"href":"https:\/\/carlosmendozaalvarez.blog\/en\/wp-json\/wp\/v2\/types\/page"}],"author":[{"embeddable":true,"href":"https:\/\/carlosmendozaalvarez.blog\/en\/wp-json\/wp\/v2\/users\/265761683"}],"replies":[{"embeddable":true,"href":"https:\/\/carlosmendozaalvarez.blog\/en\/wp-json\/wp\/v2\/comments?post=28"}],"version-history":[{"count":44,"href":"https:\/\/carlosmendozaalvarez.blog\/en\/wp-json\/wp\/v2\/pages\/28\/revisions"}],"predecessor-version":[{"id":663,"href":"https:\/\/carlosmendozaalvarez.blog\/en\/wp-json\/wp\/v2\/pages\/28\/revisions\/663"}],"wp:attachment":[{"href":"https:\/\/carlosmendozaalvarez.blog\/en\/wp-json\/wp\/v2\/media?parent=28"}],"curies":[{"name":"wp","href":"https:\/\/api.w.org\/{rel}","templated":true}]}}